{"id":4015,"date":"2021-10-12T13:14:57","date_gmt":"2021-10-12T13:14:57","guid":{"rendered":"https:\/das-trommelfest\/"},"modified":"2021-10-12T20:43:17","modified_gmt":"2021-10-12T20:43:17","slug":"das-trommelfest","status":"publish","type":"page","link":"https:\/\/lanochedelostambores.com\/de\/das-trommelfest\/","title":{"rendered":"DAS TROMMELFEST"},"content":{"rendered":"<div class=\"wpb-content-wrapper\"><p>[vc_row full_width=&#8220;stretch_row_content_no_spaces&#8220; equal_height=&#8220;yes&#8220; content_placement=&#8220;middle&#8220; css=&#8220;.vc_custom_1620776736219{margin-top: 0px !important;}&#8220;][vc_column width=&#8220;2\/3&#8243; offset=&#8220;vc_col-md-12&#8243;]<div id=\"cz_62709\" class=\"cz_62709 cz_video_popup clr cz_video_popup_c cz_video_inline xtra-disable-lightbox\"><div><div class=\"cz_vp_c\"><a href=\"https:\/\/www.youtube.com\/watch?v=b1CRvrs-HWE\" class=\"xtra-disable-lightbox\"><img decoding=\"async\" width=\"1920\" height=\"1080\" src=\"data:image\/svg+xml,%3Csvg%20xmlns%3D&#39;http%3A%2F%2Fwww.w3.org%2F2000%2Fsvg&#39;%20width=&#39;1920&#39;%20height=&#39;1080&#39;%20viewBox%3D&#39;0%200%201920%201080&#39;%2F%3E\" data-czlz data-src=\"https:\/\/lanochedelostambores.com\/wp-content\/uploads\/2021\/05\/slide-tambores-1.jpg\" class=\"attachment-full\" alt=\"\" title=\"slide-tambores-1\" data-srcset=\"https:\/\/lanochedelostambores.com\/wp-content\/uploads\/2021\/05\/slide-tambores-1.jpg 1920w, https:\/\/lanochedelostambores.com\/wp-content\/uploads\/2021\/05\/slide-tambores-1-300x169.jpg 300w, https:\/\/lanochedelostambores.com\/wp-content\/uploads\/2021\/05\/slide-tambores-1-1024x576.jpg 1024w, https:\/\/lanochedelostambores.com\/wp-content\/uploads\/2021\/05\/slide-tambores-1-768x432.jpg 768w, https:\/\/lanochedelostambores.com\/wp-content\/uploads\/2021\/05\/slide-tambores-1-1536x864.jpg 1536w, https:\/\/lanochedelostambores.com\/wp-content\/uploads\/2021\/05\/slide-tambores-1-600x338.jpg 600w\" data-sizes=\"(max-width: 1920px) 100vw, 1920px\" \/><div class=\"cz_vp_inner\"><span><i class=\"fa fa-play\"><\/i><\/span><\/div><\/a><\/div><\/div><\/div>[\/vc_column][vc_column width=&#8220;1\/3&#8243; css=&#8220;.vc_custom_1620778972525{background-color: #d7ba93 !important;}&#8220; offset=&#8220;vc_col-md-12&#8243;]<div class=\"cz_gap clr \" style=\"height: 200px\"><\/div><div id=\"cz_41594\" class=\"cz_41594 cz_title clr cz_title_pos_inline tac\"><div class=\"cz_title_shape shape_circle cz_title_shape_outline cz_shape_1\"><\/div><div class=\"cz_title_content\"><div class=\"cz_wpe_content\"><div style=\"text-align: center; line-height: 1;\"><span style=\"font-family: Montserrat; font-size: 50px; font-weight: 300; color: #0c0c0c;\">DAS TROMMELFEST<\/span><\/div>\n<div style=\"text-align: center; line-height: 1;\"><span style=\"font-family: Montserrat; font-weight: 900; font-size: 22px; color: #0c0c0c;\">DER TROMMEL<\/span><\/div>\n<\/div><\/div><\/div><div class=\"cz_gap clr \" style=\"height: 200px\"><\/div>[\/vc_column][vc_column][\/vc_column][\/vc_row][vc_row full_width=&#8220;stretch_row_content_no_spaces&#8220; content_placement=&#8220;middle&#8220; css=&#8220;.vc_custom_1627684395346{margin-top: 0px !important;}&#8220;][vc_column width=&#8220;1\/2&#8243;]<div class=\"cz_eqh cz_content_box_parent_fx  \"><div id=\"cz_79193\" class=\"cz_79193 cz_content_box clr\"><div class=\"cz_box_front clr\"><div class=\"cz_box_front_inner clr \"><span><\/span><div><div class=\"cz_gap clr \" style=\"height: 30px\"><\/div><div class=\"cz_gap clr  hide_on_mobile\" style=\"height: 50px\"><\/div><div class=\"cz_gap show_on_mobile clr\" style=\"height: 30px\"><\/div><div id=\"cz_83825\" class=\"cz_83825 cz_title clr cz_mobile_text_center cz_title_pos_inline\"><div class=\"cz_title_content\"><div class=\"cz_wpe_content\"><div style=\"line-height: 1.4;\">\n<p><span style=\"font-weight: 400; font-family: Montserrat;\"><span style=\"font-size: 36px; font-family: Parisienne;\">O<\/span>bwohl bereits seit dem letzten Viertel des 19. Jahrhunderts das Trommelfestival immer Dienstagnacht begann, hat im Jahr 1919 die \u00f6rtliche Zeitung von Mula \u201eLa Semana\u201c voller Eifer versucht, die Tradition das Trommeln in der Karwoche zu verurteilen, was uns die folgende Aufzeichnung zum Beginn der \u201eTamborada\u201c am heiligen Dienstag um 24 Uhr beweist:<\/span><\/p>\n<p>&nbsp;<\/p>\n<blockquote><p>\n<span style=\"font-family: Montserrat;\"><i><span style=\"font-weight: 400;\">&#8222;An Tagen der Besinnung, welche die Tage der Karwoche sind, hat unsere oberste Verwaltungsbeh\u00f6rde die Absicht zu verk\u00fcnden, dass der Ausgang der Trommler ab Dienstag um 24 Uhr bis um 12 Uhr des Mittwochs erlaubt wird&#8230;&#8220;. Zeitung \u201e<\/span><\/i><span style=\"font-weight: 400;\"> La Semana\u201c, 24.04.1919.<\/span><\/span>\n<\/p><\/blockquote>\n<p>&nbsp;<\/p>\n<p><span style=\"font-weight: 400; font-family: Montserrat; font-size: 18px;\">Die Bezeichnung &#8222;Nacht der Trommeln&#8220; (Noche de los Tambores) kam mit der Gr\u00fcndung des Vereins der Trommler von Mula im Jahr 1980 auf und wurde ab 1995 als offizieller Name dieser Veranstaltung verwendet, welcher seither auch so auf Werbeplakaten genannt wird.<\/span><\/p>\n<\/div>\n<\/div><\/div><\/div><div class=\"cz_gap clr  hide_on_mobile\" style=\"height: 50px\"><\/div><div class=\"cz_gap show_on_mobile clr\" style=\"height: 40px\"><\/div><div class=\"cz_gap clr  hide_on_mobile\" style=\"height: 20px\"><\/div><div class=\"cz_gap show_on_mobile clr\" style=\"height: 40px\"><\/div><\/div><\/div><\/div><\/div><\/div>[\/vc_column][vc_column width=&#8220;1\/2&#8243; offset=&#8220;vc_hidden-sm vc_hidden-xs&#8220; css=&#8220;.vc_custom_1622581038829{background-image: url(http:\/\/lanochedelostambores.com\/wp-content\/uploads\/2021\/06\/tambores-mula-la-fiesta-1.jpg?id=1048) !important;background-position: center !important;background-repeat: no-repeat !important;background-size: cover !important;}&#8220;]<div class=\"cz_gap clr \" style=\"height: 700px\"><\/div>[\/vc_column][\/vc_row][vc_row full_width=&#8220;stretch_row_content_no_spaces&#8220; equal_height=&#8220;yes&#8220; content_placement=&#8220;middle&#8220;][vc_column width=&#8220;1\/2&#8243; css=&#8220;.vc_custom_1622581026396{background-image: url(http:\/\/lanochedelostambores.com\/wp-content\/uploads\/2021\/06\/tambores-mula-la-fiesta-3.jpg?id=1050) !important;background-position: center !important;background-repeat: no-repeat !important;background-size: cover !important;}&#8220; offset=&#8220;vc_col-xs-12&#8243;]<div class=\"cz_gap clr \" style=\"height: 600px\"><\/div>[\/vc_column][vc_column width=&#8220;1\/2&#8243; css=&#8220;.vc_custom_1500554500154{padding-top: 50px !important;padding-right: 70px !important;padding-left: 70px !important;background-color: rgba(215,186,147,0.05) !important;}&#8220;]<div id=\"cz_35426\" class=\"cz_35426 cz_title clr cz_mobile_text_center cz_title_pos_inline\"><div class=\"cz_title_content\"><div class=\"cz_wpe_content\"><p><span style=\"font-weight: bold; font-family: Montserrat; font-size: 24px;\">ENTWICKLUNG<\/span><\/p>\n<\/div><\/div><\/div><div id=\"cz_96000\" class=\"cz_96000 cz_title clr cz_mobile_text_center cz_title_pos_inline\"><div class=\"cz_title_content\"><div class=\"cz_wpe_content\"><div style=\"line-height: 1.6;\"><span style=\"font-weight: 400; font-family: Montserrat; font-size: 18px;\">In der Karwoche beginnt sich ab elf Uhr in der Nacht zum Osterdienstag der Rathausplatz mit Menschen aus Mula zu f\u00fcllen, die mit ihren traditionellen Tuniken bekleidet und mit Trommeln ausgestattet auf das lang erwartete Trommeln warten. Es gibt auch viele Besucher, die an diesem Tag die Veranstaltung besuchen, um Zuschauer dieser Tradition zu sein. <\/span><\/div>\n<div><\/div>\n<div style=\"line-height: 1.6;\"><\/div>\n<div><\/div>\n<div style=\"line-height: 1.6;\"><strong><span style=\"font-family: Montserrat; font-size: 18px;\">Wenige Minuten vor Mitternacht h\u00fcllt die Dunkelheit den Rathausplatz ein und die Trommler <\/span><span style=\"font-family: Montserrat; font-size: 18px;\">heben ihre St\u00f6cke \u00fcber ihre K\u00f6pfe, als ein Zeichen, dass sie ihre Trommeln nicht schlagen <\/span><span style=\"font-family: Montserrat; font-size: 18px;\">werden ehe die alte \u00f6ffentliche Uhr zw\u00f6lf Uhr Mitternacht schl\u00e4gt \u2013 so wie es die Tradition <\/span><\/strong><span style=\"font-family: Montserrat; font-size: 18px;\"><strong>vorschreibt.<\/strong> Ganz pl\u00f6tzlich erklingt die \u201eLlamada a la Tamborada\u201c (Aufruf zum Trommeln), <\/span><span style=\"font-family: Montserrat; font-size: 18px;\">eine von Fernando Belijar, einem Mula-Bewohner, komponierte Melodie. Danach ert\u00f6nt der <\/span><span style=\"font-family: Montserrat; font-size: 18px;\">erste Schlag, der Mitternacht markiert, und mit ihm verschmelzen Tausende von Trommeln <\/span><span style=\"font-family: Montserrat; font-size: 18px;\">zu einem einzigen Get\u00f6se, das die ganze Stadt vibrieren l\u00e4sst.<\/span><\/div>\n<\/div><\/div><\/div><div id=\"cz_108318\" class=\"cz_108318 cz_title clr cz_mobile_text_center cz_title_pos_inline\"><div class=\"cz_title_content\"><div class=\"cz_wpe_content\"><p><span style=\"font-weight: bold; font-family: Montserrat; font-size: 24px;\">EL BANDO &#8211; die beh\u00f6rdliche Mitteilung<\/span><\/p>\n<\/div><\/div><\/div><div id=\"cz_85577\" class=\"cz_85577 cz_title clr cz_mobile_text_center cz_title_pos_inline\"><div class=\"cz_title_content\"><div class=\"cz_wpe_content\"><div style=\"line-height: 1.4;\"><span style=\"font-family: Montserrat; font-size: 18px;\">Das Bando ist die vom B\u00fcrgermeisteramt einige Tage vor Ostern herausgegebene offizielle <\/span><span style=\"font-family: Montserrat; font-size: 18px;\">schriftliche Verk\u00fcndigung, um die Einwohner von Mula \u00fcber die genauen Zeiten und Tage <\/span><span style=\"font-family: Montserrat; font-size: 18px;\">des Trommelns zu informieren.<\/span><\/div>\n<\/div><\/div><\/div><div id=\"cz_99478\" data-arrows='{\"open\":\"fa fa-chevron-circle-down\",\"close\":\"fa fa-chevron-circle-up\"}' class=\"cz_99478 cz_acc clr\"><div><div id=\"cz_109914\"><span class=\"cz_acc_child\"><div>SEHEN SIE MEHR \u00dcBER DIE BANDO<\/div><\/span><div class=\"cz_acc_child_content clr\">[vc_row_inner][vc_column_inner][vc_single_image image=&#8220;4018&#8243; img_size=&#8220;medium&#8220; alignment=&#8220;center&#8220; onclick=&#8220;link_image&#8220;]<div class=\"cz_gap clr \" style=\"height: 50px\"><\/div><div id=\"cz_17480\" class=\"cz_17480 cz_title clr cz_title_pos_inline tac\"><div class=\"cz_title_content\"><div class=\"cz_wpe_content\"><div style=\"line-height: 1.3; text-align: center;\"><span style=\"font-size: 14px;\"><span style=\"font-size: 14px;\"><span style=\"font-family: Montserrat;\"><strong>DOKUMENTIEREN:<\/strong><\/span><\/span><\/span><\/div>\n<div style=\"line-height: 1.3; text-align: center;\">\n<p><span style=\"font-family: Montserrat; font-size: 14px; white-space: pre-wrap;\">Bando der Stadt Mula &#8211; 1926<\/span><\/p>\n<p id=\"tw-target-text\" class=\"tw-data-text tw-text-large XcVN5d tw-ta\" dir=\"ltr\" data-placeholder=\"Traducci\u00f3n\"><span style=\"font-size: 10px;\">(zum Vergr\u00f6\u00dfern auf das Dokument klicken)<\/span><\/p>\n<\/div>\n<\/div><\/div><\/div>[\/vc_column_inner][\/vc_row_inner]<\/div><\/div><\/div><\/div><div class=\"cz_gap clr  hide_on_mobile\" style=\"height: 40px\"><\/div><div class=\"cz_gap show_on_mobile clr\" style=\"height: 50px\"><\/div>[\/vc_column][\/vc_row][vc_row full_width=&#8220;stretch_row_content_no_spaces&#8220; equal_height=&#8220;yes&#8220; content_placement=&#8220;middle&#8220;][vc_column width=&#8220;1\/2&#8243; css=&#8220;.vc_custom_1500554500154{padding-top: 50px !important;padding-right: 70px !important;padding-left: 70px !important;background-color: rgba(215,186,147,0.05) !important;}&#8220;]<div id=\"cz_54467\" class=\"cz_54467 cz_title clr cz_mobile_text_center cz_title_pos_inline\"><div class=\"cz_title_content\"><div class=\"cz_wpe_content\"><p><span style=\"font-weight: bold; font-family: Montserrat; font-size: 24px;\">DIE UHR UND DER PLATZ<\/span><\/p>\n<\/div><\/div><\/div><div id=\"cz_37429\" class=\"cz_37429 cz_title clr cz_mobile_text_center cz_title_pos_inline\"><div class=\"cz_title_content\"><div class=\"cz_wpe_content\"><div style=\"line-height: 1.6;\">\n<p><span style=\"font-weight: 400; font-family: Montserrat; font-size: 18px;\">Der Rathausplatz ist seit seiner Errichtung im ersten Viertel des 16. Jahrhunderts der Knotenpunkt der Kleinstadt Mula. Der historische Platz war seit Beginn an Schauplatz f\u00fcr Feste, M\u00e4rkte, Verk\u00fcndigungen, sozusagen genereller Inbegriff f\u00fcr jede Art von Veranstaltungen des \u00f6ffentlichen Lebens in Mula. Deshalb war und ist die Plaza auch der Treffpunkt der Trommler, ihr Sammelpunkt; hier beginnt jeden Osterdienstag in der Karwoche die Tamborada.<\/span><\/p>\n<p>&nbsp;<\/p>\n<p><span style=\"font-weight: 400; font-family: Montserrat; font-size: 18px;\"><strong>Eng mit der Tamborada verbunden und f\u00fcr sie von grundlegender Bedeutung ist der Uhrenturm auf dem Rathausplatz.<\/strong> Obwohl heutzutage die Melodie &#8222;Llamada a la Tamborada&#8220; den Beginn des Festes einl\u00e4utet, war es traditionell eigentlich die \u00f6ffentliche Uhr, die den Trommlern den Startschuss gab. Aufmerksam beobachteten diese die Uhr und warteten darauf, dass die Zeiger Mitternacht schlugen und die Glocken l\u00e4uteten, was f\u00fcr sie den Auftakt zum Trommeln bedeutete.<\/span><\/p>\n<\/div>\n<\/div><\/div><\/div><div class=\"cz_gap clr  hide_on_mobile\" style=\"height: 40px\"><\/div><div class=\"cz_gap show_on_mobile clr\" style=\"height: 20px\"><\/div><div class=\"cz_btn_left cz_mobile_btn_center\"><div class=\"cz_11757_p\"><a id=\"cz_11757\" class=\"cz_11757 cz_btn cz_btn_txt_no_fx cz_btn_fill_up\" href=\"https:\/mula\/\" title=\"Gallery\" aria-label=\"Gallery\"><span><i class=\"fa fa-th\"><\/i><strong>MULA<\/strong><\/span><b class=\"cz_btn_onhover\"><i class=\"fa fa-th\"><\/i><strong>MULA<\/strong><\/b><\/a><\/div><\/div><div class=\"clr\"><\/div><div class=\"cz_gap clr  hide_on_mobile\" style=\"height: 40px\"><\/div><div class=\"cz_gap show_on_mobile clr\" style=\"height: 50px\"><\/div>[\/vc_column][vc_column width=&#8220;1\/2&#8243; css=&#8220;.vc_custom_1622581337872{background-image: url(http:\/\/lanochedelostambores.com\/wp-content\/uploads\/2021\/06\/tambores-mula-la-fiesta-5.jpg?id=1053) !important;background-position: center !important;background-repeat: no-repeat !important;background-size: cover !important;}&#8220; offset=&#8220;vc_col-xs-12&#8243;]<div class=\"cz_gap clr \" style=\"height: 600px\"><\/div>[\/vc_column][\/vc_row][vc_row full_width=&#8220;stretch_row_content_no_spaces&#8220; equal_height=&#8220;yes&#8220; content_placement=&#8220;middle&#8220;][vc_column width=&#8220;1\/2&#8243; css=&#8220;.vc_custom_1622582474253{background-image: url(http:\/\/lanochedelostambores.com\/wp-content\/uploads\/2021\/06\/monumento-tamborista-mula-2.jpg?id=1056) !important;background-position: center !important;background-repeat: no-repeat !important;background-size: cover !important;}&#8220; offset=&#8220;vc_col-xs-12&#8243;]<div class=\"cz_gap clr \" style=\"height: 600px\"><\/div>[\/vc_column][vc_column width=&#8220;1\/2&#8243; css=&#8220;.vc_custom_1500554500154{padding-top: 50px !important;padding-right: 70px !important;padding-left: 70px !important;background-color: rgba(215,186,147,0.05) !important;}&#8220;]<div id=\"cz_106147\" class=\"cz_106147 cz_title clr cz_mobile_text_center cz_title_pos_inline\"><div class=\"cz_title_content\"><div class=\"cz_wpe_content\"><p><span style=\"font-weight: bold; font-family: Montserrat; font-size: 24px;\">DIE\u00a0 \u201ePANGANA\u201c<\/span><\/p>\n<\/div><\/div><\/div><div id=\"cz_28163\" class=\"cz_28163 cz_title clr cz_mobile_text_center cz_title_pos_inline\"><div class=\"cz_title_content\"><div class=\"cz_wpe_content\"><div style=\"line-height: 1.6;\">\n<p><span style=\"font-family: Montserrat; font-size: 18px;\">Eine Besonderheit der \u201eTamborada mule\u00f1a\u201c (Trommelfest von Mula) sind die \u201eP\u00e1nganas\u201c, <\/span><span style=\"font-family: Montserrat; font-size: 18px;\">ein spontanes Spektakel, bei dem zwei Trommler gegeneinander antreten, um zu zeigen, <\/span><span style=\"font-family: Montserrat; font-size: 18px;\">wer mehr aushalten kann oder wer besser spielt.<\/span><\/p>\n<p>&nbsp;<\/p>\n<p><strong><span style=\"font-family: Montserrat; font-size: 18px;\">\u201eMonumento al tamborista\u201c \u2013 das Denkmal f\u00fcr den Trommler: die Skulptur von Rafael Pi <\/span><\/strong><strong><span style=\"font-family: Montserrat; font-size: 18px;\">Belda<\/span><\/strong><\/p>\n<p>&nbsp;<\/p>\n<\/div>\n<div style=\"line-height: 1.6;\"><span style=\"font-family: Montserrat; font-size: 18px;\">Im Jahr 2000 wurde das Denkmal f\u00fcr den Mula-Trommler eingeweiht, ein Werk des Bildhauers Rafael Pi Belda. Das Denkmal zeigt zwei spielende Trommler &#8211; bekleidet mit traditioneller Tunika und Kapuze &#8211; die mit ihren Trommeln einander zugewandt sind und sich darauf vorbereiten ihre Instrumente in einer traditionellen P\u00e1ngana zu trommeln.<\/span><\/div>\n<div style=\"line-height: 1.6;\">\n<p>&nbsp;<\/p>\n<p><span style=\"font-family: Montserrat; font-size: 18px;\">Obwohl das Denkmal urspr\u00fcnglich auf der Westseite des Hauptplatzes errichtet wurde, wurde es vor einigen Jahren verlegt und befindet sich nun direkt zu F\u00fc\u00dfen des Uhrenturms. Auf diese Weise ist das Denkmal f\u00fcr all die Trommler sichtbar, die sich jeden Dienstag der <\/span><span style=\"font-family: Montserrat; font-size: 18px;\">Karwoche auf den Rathausplatz gegen\u00fcber der Uhr dr\u00e4ngen.<\/span><\/p>\n<\/div>\n<\/div><\/div><\/div>[vc_column_text]<\/p>\n<div>\n<hr \/>\n<\/div>\n<div style=\"line-height: 1.3; text-align: left;\"><span style=\"font-size: 15px;\"><strong><span style=\"font-family: Montserrat;\">Text: <\/span><\/strong><\/span><\/div>\n<div style=\"line-height: 1.3; text-align: left;\"><span style=\"font-family: Parisienne; font-size: 24px;\">Jos\u00e9 Antonio Zapata y Juan Fern\u00e1ndez del Toro<\/span><\/div>\n<p>[\/vc_column_text][\/vc_column][\/vc_row]<\/p>\n<\/div>","protected":false},"excerpt":{"rendered":"<p>[vc_row full_width=&#8220;stretch_row_content_no_spaces&#8220; equal_height=&#8220;yes&#8220; content_placement=&#8220;middle&#8220; css=&#8220;.vc_custom_1620776736219{margin-top: 0px !important;}&#8220;][vc_column width=&#8220;2\/3&#8243; offset=&#8220;vc_col-md-12&#8243;][\/vc_column][vc_column width=&#8220;1\/3&#8243; css=&#8220;.vc_custom_1620778972525{background-color: &#8230; <\/p>\n","protected":false},"author":2,"featured_media":0,"parent":0,"menu_order":0,"comment_status":"closed","ping_status":"closed","template":"","meta":{"om_disable_all_campaigns":false,"_monsterinsights_skip_tracking":false,"_monsterinsights_sitenote_active":false,"_monsterinsights_sitenote_note":"","_monsterinsights_sitenote_category":0,"_uf_show_specific_survey":0,"_uf_disable_surveys":false,"footnotes":""},"class_list":["post-4015","page","type-page","status-publish","hentry"],"aioseo_notices":[],"_links":{"self":[{"href":"https:\/\/lanochedelostambores.com\/de\/wp-json\/wp\/v2\/pages\/4015","targetHints":{"allow":["GET"]}}],"collection":[{"href":"https:\/\/lanochedelostambores.com\/de\/wp-json\/wp\/v2\/pages"}],"about":[{"href":"https:\/\/lanochedelostambores.com\/de\/wp-json\/wp\/v2\/types\/page"}],"author":[{"embeddable":true,"href":"https:\/\/lanochedelostambores.com\/de\/wp-json\/wp\/v2\/users\/2"}],"replies":[{"embeddable":true,"href":"https:\/\/lanochedelostambores.com\/de\/wp-json\/wp\/v2\/comments?post=4015"}],"version-history":[{"count":9,"href":"https:\/\/lanochedelostambores.com\/de\/wp-json\/wp\/v2\/pages\/4015\/revisions"}],"predecessor-version":[{"id":4068,"href":"https:\/\/lanochedelostambores.com\/de\/wp-json\/wp\/v2\/pages\/4015\/revisions\/4068"}],"wp:attachment":[{"href":"https:\/\/lanochedelostambores.com\/de\/wp-json\/wp\/v2\/media?parent=4015"}],"curies":[{"name":"wp","href":"https:\/\/api.w.org\/{rel}","templated":true}]}}